{"id":65,"date":"2017-11-10T14:08:51","date_gmt":"2017-11-10T14:08:51","guid":{"rendered":"http:\/\/tag_link_site_url\/mesmerize\/"},"modified":"2026-03-16T19:14:37","modified_gmt":"2026-03-16T18:14:37","slug":"mesmerize","status":"publish","type":"page","link":"http:\/\/archifree.fr\/","title":{"rendered":"menu principale"},"content":{"rendered":"<div  id=\"overlappable-4\" style=\"background-color: #ffffff; background-image: none;\" data-label=\"Overlappable\" data-id=\"overlappable-4\" data-export-id=\"overlappable-4\" data-category=\"overlappable\" class=\"overlappable-4 content-section content-section-spacing\" data-overlap=\"true\">\n<div  class=\"\">\n<div  data-type=\"row\" class=\"row spaced-cols text-center\">\n\n\n<div  class=\"col-xs-12 col-sm-4 col-padding\">\n\n<a  data-cp-link=\"1\" href=\"https:\/\/archifree.fr\/appel-offre\" target=\"_self\" rel=\"noopener\"><i  class=\"fa icon shadow-large-black aligncenter color1 fa-cogs big\"> <\/i><\/a>\n<div  data-type=\"column\" class=\"\">\n\n<h5  class=\"\">APPEL D\u2019OFFRE ( Consultation en cours )<\/h5><p  class=\"\">&nbsp;Pour la consultation des entreprises &amp; les appels d\u2019offres des projets en cours.<\/p>\n\n<\/div>\n<\/div><div  class=\"col-xs-12 col-sm-4 col-padding\">\n\n<a  data-cp-link=\"1\" href=\"https:\/\/archifree.fr\/transfert-gros-fichiers\" target=\"_self\" rel=\"noopener\"><i  class=\"fa icon shadow-large-black aligncenter color1 fa-magic big\"> <\/i><\/a>\n<div  data-type=\"column\" class=\"\">\n<h5  class=\"\">TRANSFERT GROS FICHIERS<\/h5>\n<p  class=\"\">Les dossiers trop volumineux qui ne peuvent pas \u00eatre tramis par mail seront d\u00e9pos\u00e9s ici pour t\u00e9l\u00e9chargement !!!<\/p>\n\n<\/div>\n<\/div>\n<div  class=\"col-xs-12 col-sm-4 col-padding\">\n\n<a  data-cp-link=\"1\" href=\"https:\/\/archifree.fr\/espace-clients\" target=\"_self\" rel=\"noopener\"><i  class=\"fa icon shadow-large-black aligncenter color1 fa-cogs big\"> <\/i><\/a>\n<div  data-type=\"column\" class=\"\">\n<h5  class=\"\">ESPACE CLIENTS<\/h5>\n<p  class=\"\">dossiers en consultation libre &amp; archivage pour certains clients<\/p>\n\n<\/div>\n<\/div><\/div>\n<\/div>\n<\/div><div  id=\"realisation-et-on-y-mange-tres-bien\" style=\"background-color: #f5fafd;\" data-label=\"realisation et on y mange tr\u00e8s bien\" data-id=\"about-1\" data-export-id=\"about-1\" data-category=\"about\" class=\"about-1 content-section content-section-spacing\">\n<div  class=\"\">\n<div  class=\"row text-center\">\n<div  class=\"section-title-col\" data-type=\"column\">\n<h2  class=\"\">Exemple de R\u00e9alisation \u2026 &amp; &nbsp;on y mange tr\u00e8s bien<\/h2>\n\n<a  data-cp-link=\"1\" href=\"https:\/\/archifree.fr\/resto\" class=\"\" target=\"_self\" rel=\"noopener\"><img  decoding=\"async\" class=\"custom-image\" src=\"http:\/\/archifree.fr\/wp-content\/uploads\/2022\/06\/cropped-coqs-1.jpg\" alt=\"\" title=\"cropped-salle-milieu-petit.jpg\"><\/a><p  class=\"lead\">Quelques exemples\n<\/p><a  class=\"button color1\" href=\"https:\/\/archifree.fr\/portofolio\" target=\"_self\" data-cp-link=\"1\" rel=\"noopener noreferrer\">\u2026\u2026\u2026\u2026\u2026\u2026\u2026\u2026\u2026\u2026\u2026\u2026\u2026\u2026\u2026.ALLER VOIR LE DOSSIER DE REFERENCE EN PDF \u2026\u2026\u2026\u2026\u2026\u2026\u2026\u2026\u2026\u2026\u2026<\/a>\n\n\n<\/div>\n<\/div>\n<div  class=\"row\">\n<div  class=\"bottom-xs center-xs col-xs flexbox image-group-bottom-3-img\"><a  data-cp-link=\"1\" href=\"https:\/\/archifree.fr\/concours\" class=\"left-img-anchor\" target=\"_self\" rel=\"noopener\"><img  decoding=\"async\" class=\"left-img shadow-large-black\" data-size=\"500x300\" src=\"http:\/\/archifree.fr\/wp-content\/uploads\/2023\/01\/panneauteteconcours.jpg\"><\/a> <a  data-cp-link=\"1\" href=\"https:\/\/archifree.fr\/citron\" class=\"center-img-anchor\" target=\"_self\" rel=\"noopener\"><img  decoding=\"async\" class=\"center-img shadow-large-black\" data-size=\"500x300\" src=\"http:\/\/archifree.fr\/wp-content\/uploads\/2019\/06\/DSC_0019.jpg\" alt=\"\" title=\"DSC_0019\"><\/a> <a  data-cp-link=\"1\" href=\"https:\/\/archifree.fr\/espace-entreprises\" class=\"right-img-anchor\" target=\"_self\" rel=\"noopener\"><img  decoding=\"async\" class=\"right-img shadow-large-black\" data-size=\"500x300\" src=\"http:\/\/archifree.fr\/wp-content\/uploads\/2023\/01\/panneautetepermisdeconstruire.jpg\" alt=\"\" title=\"DSC_0158\"><\/a><\/div>\n<\/div>\n<\/div>\n<\/div><div  data-label=\"Portfolio logements\" data-id=\"portfolio--1\" data-export-id=\"portfolio-4\" data-category=\"portfolio\" class=\"portfolio-4 content-section content-section-spacing-top\" id=\"portfolio-logements\" style=\"background-color: rgb(245, 250, 253);\"><div  class=\"\"> <div  class=\"row text-center\"><div  class=\"section-title-col\" data-type=\"column\"> <h2  class=\"\">R\u00e9alisation-Logements &amp; pastel sec<\/h2> <p  class=\"lead\">Quelques r\u00e9alisations r\u00e9centes \u2026 (\u2026photographies du chantier )<\/p><\/div> <\/div> <div  data-type=\"row\" class=\"row\" data-fixed=\"true\"> <div  class=\"col-xs-12 col-sm-3 no-gutter-col\"> <div  class=\"contentswap-effect\" data-hover-fx=\"portfolio-4\"> <div  class=\"initial-image\"> <img  decoding=\"async\" data-size=\"542x360\" src=\"http:\/\/archifree.fr\/wp-content\/uploads\/2022\/06\/cropped-cropped-cropped-DSC_0155-scaled-1.jpg\"><\/div> <div  class=\"overlay bg-color1\"><\/div> <div  class=\"swap-inner col-xs-12\"> <div  class=\"row full-height-row middle-xs middle-sm\"> <div  class=\"col-xs-12 text-center content-holder\"> <a  href=\"https:\/\/archifree.fr\/biou\" target=\"_self\" rel=\"noopener\"><i  class=\"fa icon portfolio-icon fa-search\" aria-hidden=\"true\"><\/i><\/a><\/div> <\/div><\/div> <\/div><\/div> <div  class=\"col-xs-12 col-sm-3 no-gutter-col\"><div  class=\"contentswap-effect\" data-hover-fx=\"portfolio-4\"> <div  class=\"initial-image\"> <img  decoding=\"async\" data-size=\"542x360\" src=\"http:\/\/archifree.fr\/wp-content\/uploads\/2022\/05\/cropped-cropped-cropped-IMG_3300-scaled-1.jpg\"><\/div> <div  class=\"overlay bg-color1\"><\/div> <div  class=\"swap-inner col-xs-12\"> <div  class=\"row full-height-row middle-xs middle-sm\"> <div  class=\"col-xs-12 text-center content-holder\"> <a  href=\"https:\/\/archifree.fr\/leber\" target=\"_self\" rel=\"noopener\"><i  class=\"fa icon portfolio-icon fa-search big\" aria-hidden=\"true\"><\/i><\/a><\/div> <\/div><\/div> <\/div><\/div> <div  class=\"col-xs-12 col-sm-3 no-gutter-col\"><div  class=\"contentswap-effect\" data-hover-fx=\"portfolio-4\"> <div  class=\"initial-image\"> <img  decoding=\"async\" data-size=\"542x360\" src=\"http:\/\/archifree.fr\/wp-content\/uploads\/2019\/06\/cropped-105_0449-e1561742669190.jpg\"><\/div> <div  class=\"overlay bg-color1\"><\/div> <div  class=\"swap-inner col-xs-12\"> <div  class=\"row full-height-row middle-xs middle-sm\"> <div  class=\"col-xs-12 text-center content-holder\"> <a  href=\"https:\/\/archifree.fr\/charles\" target=\"_self\" rel=\"noopener\"><i  class=\"fa icon portfolio-icon fa-search big\" aria-hidden=\"true\"><\/i><\/a><\/div> <\/div><\/div> <\/div><\/div> <div  class=\"col-xs-12 col-sm-3 no-gutter-col\"><div  class=\"contentswap-effect\" data-hover-fx=\"portfolio-4\"> <div  class=\"initial-image\"> <img  decoding=\"async\" data-size=\"542x360\" src=\"http:\/\/archifree.fr\/wp-content\/uploads\/2022\/06\/cropped-DSC_0086-scaled-1.jpg\"><\/div> <div  class=\"overlay bg-color1\"><\/div> <div  class=\"swap-inner col-xs-12\"> <div  class=\"row full-height-row middle-xs middle-sm\"> <div  class=\"col-xs-12 text-center content-holder\"> <a  href=\"https:\/\/archifree.fr\/citron\" target=\"_self\" rel=\"noopener\"><i  class=\"fa icon portfolio-icon fa-search big\" aria-hidden=\"true\"><\/i><\/a><\/div> <\/div><\/div> <\/div><\/div> <div  class=\"col-xs-12 col-sm-3 no-gutter-col\"><div  class=\"contentswap-effect\" data-hover-fx=\"portfolio-4\"> <div  class=\"initial-image\"> <img  decoding=\"async\" data-size=\"542x360\" src=\"http:\/\/archifree.fr\/wp-content\/uploads\/2026\/03\/cropped-cropped-IMG_5606-scaled-1.jpg\"><\/div> <div  class=\"overlay bg-color1\"><\/div> <div  class=\"swap-inner col-xs-12\"> <div  class=\"row full-height-row middle-xs middle-sm\"> <div  class=\"col-xs-12 text-center content-holder\"> <a  href=\"https:\/\/archifree.fr\/serkan\" target=\"_self\" rel=\"noopener\"><i  class=\"fa icon portfolio-icon fa-search big\" aria-hidden=\"true\"><\/i><\/a><\/div> <\/div><\/div> <\/div><\/div> <div  class=\"col-xs-12 col-sm-3 no-gutter-col\"><div  class=\"contentswap-effect\" data-hover-fx=\"portfolio-4\"> <div  class=\"initial-image\"> <img  decoding=\"async\" data-size=\"542x360\" src=\"http:\/\/archifree.fr\/wp-content\/uploads\/2025\/12\/pdg-pastel-.jpg\"><\/div> <div  class=\"overlay bg-color1\"><\/div> <div  class=\"swap-inner col-xs-12\"> <div  class=\"row full-height-row middle-xs middle-sm\"> <div  class=\"col-xs-12 text-center content-holder\"> <a  href=\"https:\/\/archifree.fr\/pastel\" target=\"_self\" rel=\"noopener\"><i  class=\"fa icon portfolio-icon fa-search big\" aria-hidden=\"true\"><\/i><\/a><\/div> <\/div><\/div> <\/div><\/div> <div  class=\"col-xs-12 col-sm-3 no-gutter-col\"><div  class=\"contentswap-effect\" data-hover-fx=\"portfolio-4\"> <div  class=\"initial-image\"> <img  decoding=\"async\" data-size=\"542x360\" src=\"http:\/\/archifree.fr\/wp-content\/uploads\/2022\/05\/cropped-PHOTO-2021-03-10-17-10-51.jpg\"><\/div> <div  class=\"overlay bg-color1\"><\/div> <div  class=\"swap-inner col-xs-12\"> <div  class=\"row full-height-row middle-xs middle-sm\"> <div  class=\"col-xs-12 text-center content-holder\"> <a  href=\"https:\/\/archifree.fr\/paris17\" target=\"_self\" rel=\"noopener\"><i  class=\"fa icon portfolio-icon fa-search big\" aria-hidden=\"true\"><\/i><\/a><\/div> <\/div><\/div> <\/div><\/div> <div  class=\"col-xs-12 col-sm-3 no-gutter-col\"><div  class=\"contentswap-effect\" data-hover-fx=\"portfolio-4\"> <div  class=\"initial-image\"> <img  decoding=\"async\" data-size=\"542x360\" src=\"http:\/\/archifree.fr\/wp-content\/uploads\/2024\/03\/cropped-DSCN2424-1-scaled-1.jpg\"><\/div> <div  class=\"overlay bg-color1\"><\/div> <div  class=\"swap-inner col-xs-12\"> <div  class=\"row full-height-row middle-xs middle-sm\"> <div  class=\"col-xs-12 text-center content-holder\"> <a  href=\"https:\/\/archifree.fr\/normand\" target=\"_self\" rel=\"noopener\"><i  class=\"fa icon portfolio-icon fa-search big\" aria-hidden=\"true\"><\/i><\/a><\/div> <\/div><\/div> <\/div><\/div> <\/div><\/div> <\/div><div  data-label=\"Portfolio tertiaires\" data-id=\"portfolio-5\" data-export-id=\"portfolio-5\" data-category=\"portfolio\" class=\"portfolio-5 content-section content-section-spacing\" id=\"portfolio-tertiaires\" style=\"background-color: rgb(255, 255, 255); background-image: none;\">\n<div  class=\"gridContainer\">\n<div  class=\"row text-center\">\n<div  class=\"section-title-col\" data-type=\"column\">\n<h2  class=\"\">R\u00e9alisation-Tertiaires<\/h2>\n<p  class=\"lead\">Quelques r\u00e9alisations r\u00e9centes \u2026.(\u2026photographies du chantier )<\/p>\n\n<\/div>\n<\/div>\n<div  class=\"row space-bottom spaced-cols\" data-type=\"row\">\n<div  class=\"col-xs-12 col-sm-4 text-center col-md-4 \">\n<div  class=\"card no-padding bordered\">\n<div  data-hover-fx=\"portfolio-6\" class=\"contentswap-effect\">\n<div  class=\"initial-image\"><img  decoding=\"async\" data-size=\"500x500\" src=\"http:\/\/archifree.fr\/wp-content\/uploads\/2022\/06\/cropped-piscine-villiersB.jpg\"><\/div>\n<div  class=\"overlay bg-color6\"><\/div>\n<div  class=\"swap-inner col-xs-12\">\n<div  class=\"row full-height-row middle-xs middle-sm\">\n<div  class=\"col-xs-12 text-center content-holder\"><a  class=\"button small color2\" href=\"https:\/\/archifree.fr\/veb\" target=\"_self\" data-cp-link=\"1\" rel=\"noopener noreferrer\">Voir<\/a><\/div>\n<\/div>\n<\/div>\n<\/div>\n<div  class=\"col-xs-12\">\n<div  class=\"space-bottom space-top\" data-type=\"column\">\n<h4  class=\"end\">Piscine municipale de villiers en biere 77<\/h4>\n<p  class=\"italic\">R\u00e9habilitation des vestiaires de la piscine municipale<\/p>\n\n<\/div>\n<\/div>\n<\/div>\n<\/div>\n<div  class=\"col-xs-12 col-sm-4 text-center col-md-4 \">\n<div  class=\"card no-padding bordered\">\n<div  data-hover-fx=\"portfolio-6\" class=\"contentswap-effect\">\n<div  class=\"initial-image\"><img  decoding=\"async\" data-size=\"500x500\" src=\"http:\/\/archifree.fr\/wp-content\/uploads\/2022\/06\/cropped-DSC_0204-2.jpeg\"><\/div>\n<div  class=\"overlay bg-color6\"><\/div>\n<div  class=\"swap-inner col-xs-12\">\n<div  class=\"row full-height-row middle-xs middle-sm\">\n<div  class=\"col-xs-12 text-center content-holder\"><a  class=\"button small color2\" href=\"https:\/\/archifree.fr\/marin\" target=\"_self\" data-cp-link=\"1\" rel=\"noopener noreferrer\">Voir<\/a><\/div>\n<\/div>\n<\/div>\n<\/div>\n<div  class=\"col-xs-12\">\n<div  class=\"space-bottom space-top\" data-type=\"column\">\n<h4  class=\"end\">Siege social \u00ab&nbsp;R.MARIN&nbsp;\u00bb<\/h4>\n<p  class=\"italic\">Extension des locaux de l\u2019entreprise (salles de r\u00e9union &amp; logement de fonction<\/p>\n\n<\/div>\n<\/div>\n<\/div>\n<\/div>\n<div  class=\"col-xs-12 col-sm-4 text-center col-md-4 \">\n<div  class=\"card no-padding bordered\">\n<div  data-hover-fx=\"portfolio-6\" class=\"contentswap-effect\">\n<div  class=\"initial-image\"><img  decoding=\"async\" data-size=\"500x500\" src=\"http:\/\/archifree.fr\/wp-content\/uploads\/2022\/06\/cropped-DSC05971-scaled-1.jpg\"><\/div>\n<div  class=\"overlay bg-color6\"><\/div>\n<div  class=\"swap-inner col-xs-12\">\n<div  class=\"row full-height-row middle-xs middle-sm\">\n<div  class=\"col-xs-12 text-center content-holder\"><a  class=\"button small color2\" href=\"https:\/\/archifree.fr\/stranart\" target=\"_self\" data-cp-link=\"1\" rel=\"noopener noreferrer\">Voir<\/a><\/div>\n<\/div>\n<\/div>\n<\/div>\n<div  class=\"col-xs-12\">\n<div  class=\"space-bottom space-top\" data-type=\"column\">\n<h4  class=\"end\">&nbsp;\u00ab&nbsp;STRANART&nbsp;\u00bb<\/h4>\n<p  class=\"italic\">Extension des locaux de vente permettant de recevoir dans de bonne conditions la clientele<\/p>\n\n<\/div>\n<\/div>\n<\/div>\n<\/div>\n<div  class=\"col-xs-12 col-sm-4 text-center col-md-4\">\n<div  class=\"card no-padding bordered\">\n<div  data-hover-fx=\"portfolio-6\" class=\"contentswap-effect\">\n<div  class=\"initial-image\"><img  decoding=\"async\" data-size=\"500x500\" src=\"http:\/\/archifree.fr\/wp-content\/uploads\/2022\/05\/cropped-cropped-P1030457-scaled-1.jpg\"><\/div>\n<div  class=\"overlay bg-color6\"><\/div>\n<div  class=\"swap-inner col-xs-12\">\n<div  class=\"row full-height-row middle-xs middle-sm\">\n<div  class=\"col-xs-12 text-center content-holder\"><a  class=\"button small color2\" href=\"https:\/\/archifree.fr\/lescarneaux\" target=\"_self\" data-cp-link=\"1\" rel=\"noopener noreferrer\">Voir<\/a><\/div>\n<\/div>\n<\/div>\n<\/div>\n<div  class=\"col-xs-12\">\n<div  class=\"space-bottom space-top\" data-type=\"column\">\n<h4  class=\"end\">Cr\u00e9ation de g\u00eetes ruraux \u00ab&nbsp;Les Carneaux \u00bb \u00e0 Boigneville 91<\/h4>\n<p  class=\"italic\">Les b\u00e2timents des \u00ab&nbsp;Ecuries des Carneaux&nbsp;\u00bb comptent &nbsp;un grand corps de logis contenant 11 espaces distribu\u00e9s en chambres , un fournil, une cave, un grenier, des \u00e9curies, des \u00e9tables, des bergeries, deux granges et un grand colombier. L\u2019ensemble, d\u2019une surface importantes est clos de murs.<\/p>\n\n<\/div>\n<\/div>\n<\/div>\n<\/div>\n<div  class=\"col-xs-12 col-sm-4 text-center col-md-4\">\n<div  class=\"card no-padding bordered\">\n<div  data-hover-fx=\"portfolio-6\" class=\"contentswap-effect\">\n<div  class=\"initial-image\"><img  decoding=\"async\" data-size=\"500x500\" src=\"http:\/\/archifree.fr\/wp-content\/uploads\/2022\/06\/cropped-DSC_0393-scaled-1.jpg\"><\/div>\n<div  class=\"overlay bg-color6\"><\/div>\n<div  class=\"swap-inner col-xs-12\">\n<div  class=\"row full-height-row middle-xs middle-sm\">\n<div  class=\"col-xs-12 text-center content-holder\"><a  class=\"button small color2\" href=\"https:\/\/archifree.fr\/ext-filtration\" target=\"_self\" data-cp-link=\"1\" rel=\"noopener noreferrer\">Voir<\/a><\/div>\n<\/div>\n<\/div>\n<\/div>\n<div  class=\"col-xs-12\">\n<div  class=\"space-bottom space-top\" data-type=\"column\">\n<h4  class=\"end\">Extension &amp; R\u00e9amenagement de l\u2019ensemble des locaux techniques du Cr\u00e9matorium d\u2019 Evry Courcouronnes<\/h4><p  class=\"italic\">\n<br ><br >R\u00e9habitation des locaux &nbsp;du cr\u00e9matorium sud ile de france -paris<\/p>\n\n\n<\/div>\n<\/div>\n<\/div>\n<\/div>\n\n<div  class=\"col-xs-12 col-sm-4 text-center col-md-4\">\n<div  class=\"card no-padding bordered\">\n<div  data-hover-fx=\"portfolio-6\" class=\"contentswap-effect\">\n<div  class=\"initial-image\"><img  decoding=\"async\" data-size=\"500x500\" src=\"http:\/\/archifree.fr\/wp-content\/uploads\/2022\/05\/IMG_3290-scaled.jpeg\"><\/div>\n<div  class=\"overlay bg-color6\"><\/div>\n<div  class=\"swap-inner col-xs-12\">\n<div  class=\"row full-height-row middle-xs middle-sm\">\n<div  class=\"col-xs-12 text-center content-holder\"><a  class=\"button small color2\" href=\"https:\/\/archifree.fr\/espace-e\" target=\"_self\" data-cp-link=\"1\" rel=\"noopener noreferrer\">Voir<\/a><\/div>\n<\/div>\n<\/div>\n<\/div>\n<div  class=\"col-xs-12\">\n<div  class=\"space-bottom space-top\" data-type=\"column\">\n<h4  class=\"end\">Espaces Ext\u00e9rieurs pour un Centre Hippique&nbsp;<br >\n<\/h4><p  class=\"italic\">\n<br ><br >R\u00e9am\u00e9nagement de l\u2019ensemble des Espaces exterieurs du site \n<br ><br >(Cr\u00e9ation d\u2019un Man\u00e8ge \u00e0 chevaux avec subvention du d\u00e9partement , rond de longue , carriere pour apprendre \u00e0 conduire les attelages,VRD, etc \u2026<\/p>\n\n\n<\/div>\n<\/div>\n<\/div>\n<\/div><div  class=\"col-xs-12 col-sm-4 text-center col-md-4\">\n<div  class=\"card no-padding bordered\">\n<div  data-hover-fx=\"portfolio-6\" class=\"contentswap-effect\">\n<div  class=\"initial-image\"><img  decoding=\"async\" data-size=\"500x500\" src=\"http:\/\/archifree.fr\/wp-content\/uploads\/2026\/03\/cropped-IMG_5606-scaled-1.jpg\"><\/div>\n<div  class=\"overlay bg-color6\"><\/div>\n<div  class=\"swap-inner col-xs-12\">\n<div  class=\"row full-height-row middle-xs middle-sm\">\n<div  class=\"col-xs-12 text-center content-holder\"><a  class=\"button small color2\" href=\"https:\/\/archifree.fr\/serkan\" target=\"_self\" data-cp-link=\"1\" rel=\"noopener noreferrer\">Voir<\/a><\/div>\n<\/div>\n<\/div>\n<\/div>\n<div  class=\"col-xs-12\">\n<div  class=\"space-bottom space-top\" data-type=\"column\">\n<h4  class=\"end\">Maison contemporaine<\/h4>\n<p  class=\"italic\">construction neuve (particulier)<\/p>\n\n<\/div>\n<\/div>\n<\/div>\n<\/div><div  class=\"col-xs-12 col-sm-4 text-center col-md-4\">\n<div  class=\"card no-padding bordered\">\n<div  data-hover-fx=\"portfolio-6\" class=\"contentswap-effect\">\n<div  class=\"initial-image\"><img  decoding=\"async\" data-size=\"500x500\" src=\"http:\/\/archifree.fr\/wp-content\/uploads\/2022\/05\/cropped-agence-immobiliere-91590.jpg\"><\/div>\n<div  class=\"overlay bg-color6\"><\/div>\n<div  class=\"swap-inner col-xs-12\">\n<div  class=\"row full-height-row middle-xs middle-sm\">\n<div  class=\"col-xs-12 text-center content-holder\"><a  class=\"button small color2\" href=\"https:\/\/archifree.fr\/orpi\" target=\"_self\" data-cp-link=\"1\" rel=\"noopener noreferrer\">Voir<\/a><\/div>\n<\/div>\n<\/div>\n<\/div>\n<div  class=\"col-xs-12\">\n<div  class=\"space-bottom space-top\" data-type=\"column\">\n<h4  class=\"end\">ORPI \u00ab&nbsp;la fert\u00e9-alais&nbsp;\u00bb<\/h4>\n<p  class=\"italic\">Am\u00e9nagement d\u2019un commerce recevant du public (ERP)<\/p>\n\n<\/div>\n<\/div>\n<\/div>\n<\/div><div  class=\"col-xs-12 col-sm-4 text-center col-md-4\">\n<div  class=\"card no-padding bordered\">\n<div  data-hover-fx=\"portfolio-6\" class=\"contentswap-effect\">\n<div  class=\"initial-image\"><img  decoding=\"async\" data-size=\"500x500\" src=\"http:\/\/archifree.fr\/wp-content\/uploads\/2024\/03\/cropped-0.jpeg\"><\/div>\n<div  class=\"overlay bg-color6\"><\/div>\n<div  class=\"swap-inner col-xs-12\">\n<div  class=\"row full-height-row middle-xs middle-sm\">\n<div  class=\"col-xs-12 text-center content-holder\"><a  class=\"button small color2\" href=\"https:\/\/archifree.fr\/crema-concours\" target=\"_self\" data-cp-link=\"1\" rel=\"noopener noreferrer\">Voir<\/a><\/div>\n<\/div>\n<\/div>\n<\/div>\n<div  class=\"col-xs-12\">\n<div  class=\"space-bottom space-top\" data-type=\"column\">\n<h4  class=\"end\">Concours &nbsp;\u00bb Cr\u00e9matorium de Montereau Fault Yonne\n<br >\n<\/h4>\n<p  class=\"italic\">Projet ERP neuf de 800 m2 pour 2 600 000 \u20ac HT<\/p>\n\n<\/div>\n<\/div>\n<\/div>\n<\/div><div  class=\"col-xs-12 col-sm-4 text-center col-md-4\">\n<div  class=\"card no-padding bordered\">\n<div  data-hover-fx=\"portfolio-6\" class=\"contentswap-effect\">\n<div  class=\"initial-image\"><img  decoding=\"async\" data-size=\"500x500\" src=\"http:\/\/archifree.fr\/wp-content\/uploads\/2023\/02\/cropped-IMG_0199-5.jpg\"><\/div>\n<div  class=\"overlay bg-color6\"><\/div>\n<div  class=\"swap-inner col-xs-12\">\n<div  class=\"row full-height-row middle-xs middle-sm\">\n<div  class=\"col-xs-12 text-center content-holder\"><a  class=\"button small color2\" href=\"https:\/\/archifree.fr\/centre-equestre\" target=\"_self\" data-cp-link=\"1\" rel=\"noopener noreferrer\">Voir<\/a><\/div>\n<\/div>\n<\/div>\n<\/div>\n<div  class=\"col-xs-12\">\n<div  class=\"space-bottom space-top\" data-type=\"column\">\n<h4  class=\"end\">Centre Equestre \u2013 Ecuries \u2013 Barn\u2019s -Carriere d\u2019entrainement au Mans<\/h4>\n<p  class=\"italic\">Man\u00e8ge &nbsp;pour l\u2019entrainement des chevaux<\/p>\n\n<\/div>\n<\/div>\n<\/div>\n<\/div><div  class=\"col-xs-12 col-sm-4 text-center col-md-4\">\n<div  class=\"card no-padding bordered\">\n<div  data-hover-fx=\"portfolio-6\" class=\"contentswap-effect\">\n<div  class=\"initial-image\"><img  decoding=\"async\" data-size=\"500x500\" src=\"http:\/\/archifree.fr\/wp-content\/uploads\/2022\/06\/cropped-cropped-coqs-1.jpg\"><\/div>\n<div  class=\"overlay bg-color6\"><\/div>\n<div  class=\"swap-inner col-xs-12\">\n<div  class=\"row full-height-row middle-xs middle-sm\">\n<div  class=\"col-xs-12 text-center content-holder\"><a  class=\"button small color2\" href=\"https:\/\/archifree.fr\/resto\" target=\"_self\" data-cp-link=\"1\" rel=\"noopener noreferrer\">Voir<\/a><\/div>\n<\/div>\n<\/div>\n<\/div>\n<div  class=\"col-xs-12\">\n<div  class=\"space-bottom space-top\" data-type=\"column\">\n<h4  class=\"end\">Restaurant gastronomique<\/h4>\n<p  class=\"italic\">Milly la for\u00eat<\/p>\n\n<\/div>\n<\/div>\n<\/div>\n<\/div><\/div>\n<div  class=\"row\">\n<div  data-type=\"column\" class=\"col-xs-12 text-center\"><a  class=\"button color2 y-move\" href=\"#\" target=\"_self\" data-cp-link=\"1\" rel=\"noopener\">REVENIR AU DEBUT<\/a><\/div>\n<\/div>\n<\/div>\n<\/div><div  id=\"avis-clients\" style=\"background-color: rgb(245, 250, 253); background-image: none;\" data-label=\"avis clients\" data-id=\"testimonials-5\" data-export-id=\"testimonials-5\" data-category=\"testimonials\" class=\"testimonials-5 content-section content-section-spacing\">\n<div  class=\"gridContainer\">\n<div  class=\"row\">\n<div  data-type=\"column\" class=\"section-title-col\">\n<h2  class=\"\">Avis clients<\/h2>\n<p  class=\"lead\">quelques mots de nos clients \u2026<\/p>\n\n<\/div>\n<\/div>\n<div  class=\"row spaced-cols content-center-sm\" data-type=\"row\">\n<div  class=\"col-sm-4\">\n<div  class=\"card y-move bordered\" data-type=\"column\">\n\n<i  class=\"fa fa-quote-right icon color1 small\"><\/i>\n<p  class=\"text-center\">\u2026 Le chantier \u00e9tait impeccable et les artisans comp\u00e9tents et sympathiques&nbsp;<\/p>\n<img  decoding=\"async\" src=\"https:\/\/extendthemes.com\/mesmerize\/demos\/demo-free-1\/wp-content\/plugins\/mesmerize-companion\/theme-data\/mesmerize\/sections\/images\/team-1.jpg\" class=\"round icon\">\n<h6  class=\"end\">Mme Charles<\/h6>\n<p  class=\"small italic\">Particulier<\/p>\n\n<\/div>\n<\/div>\n<div  class=\"col-sm-4\">\n<div  class=\"card y-move bordered\" data-type=\"column\">\n\n<i  class=\"fa fa-quote-right icon color1 small\"><\/i>\n<p  class=\"text-center\">en attente de son avis\u2026<\/p>\n<img  decoding=\"async\" src=\"http:\/\/archifree.fr\/wp-content\/uploads\/2023\/01\/cropped-P1010171.jpg\" class=\"round icon\" title=\"cropped-P1010171.jpg\" alt=\"\">\n<h6  class=\"end\">Emilien Lenormand<\/h6>\n<p  class=\"small italic\">Chef du restaurant \u00ab&nbsp;Les Coqs&nbsp;\u00bb<\/p>\n\n<\/div>\n<\/div>\n<div  class=\"col-sm-4\">\n<div  class=\"card y-move bordered\" data-type=\"column\">\n\n<i  class=\"fa fa-quote-right icon color1 small\"><\/i>\n<p  class=\"text-center\">\u2026 nous avons aim\u00e9 votre s\u00e9rieux .<\/p>\n<img  decoding=\"async\" src=\"http:\/\/archifree.fr\/wp-content\/uploads\/2023\/01\/cropped-cropped-IMG_1462-scaled-1.jpeg\" class=\"round icon\" title=\"IMG_1462\" alt=\"\">\n<h6  class=\"end\">Karine Prince<\/h6>\n<p  class=\"small italic\">Co-Gerante de l\u2019agence \u00ab&nbsp;ORPI&nbsp;\u00bb<\/p>\n\n<\/div>\n<\/div>\n<\/div>\n<\/div>\n<\/div><div  id=\"actualites\" style=\"background-color: rgb(255, 255, 255); background-image: none;\" data-label=\"Actualites\" data-id=\"blog-section\" data-export-id=\"blog-section\" data-category=\"latest_news\" class=\"blog-section content-section content-section-spacing\">\n<div  class=\"gridContainer\">\n<div  class=\"row\">\n<div  data-type=\"column\" class=\"section-title-col\">\n<h2  class=\"\">Actualit\u00e9s<\/h2>\n<p  class=\"lead\">Actualit\u00e9s du moment (en construction)<\/p>\n\n<\/div>\n<\/div>\n<div  class=\"row\">\n<div  data-type=\"row\" data-dynamic-columns=\"handled\" data-content-shortcode=\"mesmerize_latest_news columns=&quot;6&quot; \">\t\t<div class=\"row center-sm content-left-sm\">\n\t\t\t<\/div>\n\t<\/div>\n<\/div>\n<div  class=\"row\">\n<div  class=\"text-center\"><a  class=\"button color1\" data-attr-shortcode=\"href:mesmerize_blog_link\" href=\"http:\/\/archifree.fr\/?page_id=66\" target=\"_self\" rel=\"noopener noreferrer\">DISCUSSIONS &amp; COMMENTAIRES (encore en construction)<\/a><\/div>\n<\/div>\n<\/div>\n<\/div><div  id=\"mail\" data-label=\"Mail\" data-id=\"contact-1\" data-export-id=\"contact-1\" data-category=\"contact\" class=\"contact-1 content-section content-section-spacing white-text\" data-parallax-depth=\"20\" style=\"background-image: url('https:\/\/extendthemes.com\/mesmerize\/demos\/demo-free-1\/wp-content\/uploads\/2018\/02\/stephan-valentin-345970.jpg'); background-size: cover; background-position: center top;\">\n<div  class=\"gridContainer\">\n<div  class=\"row text-center\">\n<div  class=\"section-title-col\" data-type=\"column\">\n<h2  class=\"\">Mail<\/h2>\n<p  class=\"lead\">Si vous avez des questions,nous vous repondrons \u2026<\/p>\n\n<\/div>\n<\/div>\n<div  class=\"row text-center\">\n<div  class=\"col-xs-12 col-sm-8 col-sm-offset-2 contact-form-wrapper\">\n<div  class=\"card large-padding\">\n<div  class=\"\" data-content-shortcode=\"mesmerize_contact_form shortcode=&quot;contact-form-7 id=&amp;amp;quot;14&amp;amp;quot; title=&amp;amp;quot;Formulaire de contact 1&amp;amp;quot;&quot;\" data-editable=\"true\">\n<div class=\"wpcf7 no-js\" id=\"wpcf7-f14-o1\" lang=\"fr-FR\" dir=\"ltr\">\n<div class=\"screen-reader-response\"><p role=\"status\" aria-live=\"polite\" aria-atomic=\"true\"><\/p> <ul><\/ul><\/div>\n<form action=\"\/index.php?rest_route=%2Fwp%2Fv2%2Fpages%2F65#wpcf7-f14-o1\" method=\"post\" class=\"wpcf7-form init\" aria-label=\"Formulaire de contact\" novalidate=\"novalidate\" data-status=\"init\">\n<div style=\"display: none;\">\n<input type=\"hidden\" name=\"_wpcf7\" value=\"14\" \/>\n<input type=\"hidden\" name=\"_wpcf7_version\" value=\"5.7.3\" \/>\n<input type=\"hidden\" name=\"_wpcf7_locale\" value=\"fr_FR\" \/>\n<input type=\"hidden\" name=\"_wpcf7_unit_tag\" value=\"wpcf7-f14-o1\" \/>\n<input type=\"hidden\" name=\"_wpcf7_container_post\" value=\"0\" \/>\n<input type=\"hidden\" name=\"_wpcf7_posted_data_hash\" value=\"\" \/>\n<\/div>\n<p><label> Votre nom (obligatoire)<br \/>\n<span class=\"wpcf7-form-control-wrap\" data-name=\"your-name\"><input size=\"40\" class=\"wpcf7-form-control wpcf7-text wpcf7-validates-as-required\" aria-required=\"true\" aria-invalid=\"false\" value=\"\" type=\"text\" name=\"your-name\" \/><\/span> <\/label>\n<\/p>\n<p><label> Votre adresse de messagerie (obligatoire)<br \/>\n<span class=\"wpcf7-form-control-wrap\" data-name=\"your-email\"><input size=\"40\" class=\"wpcf7-form-control wpcf7-text wpcf7-email wpcf7-validates-as-required wpcf7-validates-as-email\" aria-required=\"true\" aria-invalid=\"false\" value=\"\" type=\"email\" name=\"your-email\" \/><\/span> <\/label>\n<\/p>\n<p><label> Objet<br \/>\n<span class=\"wpcf7-form-control-wrap\" data-name=\"your-subject\"><input size=\"40\" class=\"wpcf7-form-control wpcf7-text\" aria-invalid=\"false\" value=\"\" type=\"text\" name=\"your-subject\" \/><\/span> <\/label>\n<\/p>\n<p><label> Votre message<br \/>\n<span class=\"wpcf7-form-control-wrap\" data-name=\"your-message\"><textarea cols=\"40\" rows=\"10\" class=\"wpcf7-form-control wpcf7-textarea\" aria-invalid=\"false\" name=\"your-message\"><\/textarea><\/span> <\/label>\n<\/p>\n<p><input class=\"wpcf7-form-control has-spinner wpcf7-submit\" type=\"submit\" value=\"Envoyer\" \/>\n<\/p><p style=\"display: none !important;\" class=\"akismet-fields-container\" data-prefix=\"_wpcf7_ak_\"><label>&#916;<textarea name=\"_wpcf7_ak_hp_textarea\" cols=\"45\" rows=\"8\" maxlength=\"100\"><\/textarea><\/label><input type=\"hidden\" id=\"ak_js_1\" name=\"_wpcf7_ak_js\" value=\"148\"\/><script>document.getElementById( \"ak_js_1\" ).setAttribute( \"value\", ( new Date() ).getTime() );<\/script><\/p><div class=\"wpcf7-response-output\" aria-hidden=\"true\"><\/div>\n<\/form>\n<\/div>\n<\/div>\n<\/div>\n<\/div>\n<\/div>\n<\/div>\n<\/div>","protected":false},"excerpt":{"rendered":"<p>APPEL D\u2019OFFRE ( Consultation en cours )&nbsp;Pour la consultation des entreprises &amp; les appels d\u2019offres des projets en cours. TRANSFERT GROS FICHIERS Les dossiers trop volumineux qui ne peuvent pas \u00eatre tramis par mail seront d\u00e9pos\u00e9s ici pour t\u00e9l\u00e9chargement !!! ESPACE CLIENTS dossiers en consultation libre &amp; archivage pour certains clients Exemple de R\u00e9alisation \u2026&hellip; <br \/> <a class=\"read-more\" href=\"http:\/\/archifree.fr\/?p=10\">Lire la suite<\/a><\/p>\n","protected":false},"author":1,"featured_media":550,"parent":0,"menu_order":0,"comment_status":"closed","ping_status":"closed","template":"page-templates\/homepage.php","meta":{"footnotes":""},"class_list":["post-65","page","type-page","status-publish","has-post-thumbnail","hentry"],"_links":{"self":[{"href":"http:\/\/archifree.fr\/index.php?rest_route=\/wp\/v2\/pages\/65","targetHints":{"allow":["GET"]}}],"collection":[{"href":"http:\/\/archifree.fr\/index.php?rest_route=\/wp\/v2\/pages"}],"about":[{"href":"http:\/\/archifree.fr\/index.php?rest_route=\/wp\/v2\/types\/page"}],"author":[{"embeddable":true,"href":"http:\/\/archifree.fr\/index.php?rest_route=\/wp\/v2\/users\/1"}],"replies":[{"embeddable":true,"href":"http:\/\/archifree.fr\/index.php?rest_route=%2Fwp%2Fv2%2Fcomments&post=65"}],"version-history":[{"count":134,"href":"http:\/\/archifree.fr\/index.php?rest_route=\/wp\/v2\/pages\/65\/revisions"}],"predecessor-version":[{"id":1262,"href":"http:\/\/archifree.fr\/index.php?rest_route=\/wp\/v2\/pages\/65\/revisions\/1262"}],"wp:featuredmedia":[{"embeddable":true,"href":"http:\/\/archifree.fr\/index.php?rest_route=\/wp\/v2\/media\/550"}],"wp:attachment":[{"href":"http:\/\/archifree.fr\/index.php?rest_route=%2Fwp%2Fv2%2Fmedia&parent=65"}],"curies":[{"name":"wp","href":"https:\/\/api.w.org\/{rel}","templated":true}]}}